{"id":648,"date":"2020-10-02T13:39:40","date_gmt":"2020-10-02T11:39:40","guid":{"rendered":"https:\/\/planification-energie-fr.ch\/?page_id=648"},"modified":"2026-04-30T07:43:41","modified_gmt":"2026-04-30T05:43:41","slug":"home","status":"publish","type":"page","link":"https:\/\/planification-energie-fr.ch\/de\/","title":{"rendered":"Home"},"content":{"rendered":"<div id='full_slider_1'  class='avia-fullwidth-slider main_color avia-shadow   avia-builder-el-0  el_before_av_four_fifth  avia-builder-el-first   container_wrap fullsize' style=' '  ><div   data-size='no scaling'  data-lightbox_size='large'  data-animation='fade'  data-conditional_play=''  data-ids='1378'  data-video_counter='0'  data-autoplay='false'  data-bg_slider='false'  data-slide_height=''  data-handle='av_slideshow_full'  data-interval='5'  data-class=' '  data-el_id=''  data-css_id=''  data-scroll_down=''  data-control_layout='av-control-hidden'  data-custom_markup=''  data-perma_caption=''  data-autoplay_stopper=''  data-image_attachment=''  data-min_height='0px'  data-lazy_loading='disabled'  data-src=''  data-position='top left'  data-repeat='no-repeat'  data-attach='scroll'  data-stretch=''  class='avia-slideshow avia-slideshow-1  av-control-hidden av-default-height-applied avia-slideshow-no scaling av_slideshow_full   avia-fade-slider '  itemprop=\"image\" itemscope=\"itemscope\" itemtype=\"https:\/\/schema.org\/ImageObject\" ><ul class='avia-slideshow-inner ' style='padding-bottom: 41.75%;' ><li  class=' av-single-slide slide-1 ' ><div data-rel='slideshow-1' class='avia-slide-wrap '   ><div class = \"caption_fullwidth av-slideshow-caption caption_left\"><div class = \"container caption_container\"><div class = \"slideshow_caption\"><div class = \"slideshow_inner_caption\"><div class = \"slideshow_align_caption\"><h2  class='avia-caption-title  '  itemprop=\"name\" >Erneuerbare Energien f\u00fcr Freiburg<\/h2><\/div><\/div><\/div><\/div><\/div><img decoding=\"async\" class=\"wp-image-1379 avia-img-lazy-loading-not-1379\"  src=\"https:\/\/planification-energie-fr.ch\/wp-content\/uploads\/2021\/06\/home-1.jpg\" width=\"1600\" height=\"668\" title='home' alt=''  itemprop=\"thumbnailUrl\" srcset=\"https:\/\/planification-energie-fr.ch\/wp-content\/uploads\/2021\/06\/home-1.jpg 1600w, https:\/\/planification-energie-fr.ch\/wp-content\/uploads\/2021\/06\/home-1-300x125.jpg 300w, https:\/\/planification-energie-fr.ch\/wp-content\/uploads\/2021\/06\/home-1-768x321.jpg 768w, https:\/\/planification-energie-fr.ch\/wp-content\/uploads\/2021\/06\/home-1-1536x641.jpg 1536w, https:\/\/planification-energie-fr.ch\/wp-content\/uploads\/2021\/06\/home-1-1500x626.jpg 1500w, https:\/\/planification-energie-fr.ch\/wp-content\/uploads\/2021\/06\/home-1-705x294.jpg 705w\" sizes=\"(max-width: 1600px) 100vw, 1600px\" \/><\/div><\/li><\/ul><\/div><\/div><div id='after_full_slider_1'  class='main_color av_default_container_wrap container_wrap fullsize' style=' '  ><div class='container' ><div class='template-page content  av-content-full alpha units'><div class='post-entry post-entry-type-page post-entry-648'><div class='entry-content-wrapper clearfix'>\n<div class=\"flex_column av_four_fifth  flex_column_div av-zero-column-padding first  avia-builder-el-1  el_after_av_slideshow_full  el_before_av_hr  avia-builder-el-first  \" style='border-radius:0px; '><section class=\"av_textblock_section \"  itemscope=\"itemscope\" itemtype=\"https:\/\/schema.org\/CreativeWork\" ><div class='avia_textblock  av_inherit_color '  style='font-size:24px; color:#528540; '  itemprop=\"text\" ><p>Das geltende Bundesrecht sieht den Ausstieg aus der Kernenergie und den Ausbau der erneuerbaren Energien vor.<\/p>\n<\/div><\/section><\/div>\n<div  style='height:30px' class='hr hr-invisible   avia-builder-el-3  el_after_av_four_fifth  el_before_av_one_half '><span class='hr-inner ' ><span class='hr-inner-style'><\/span><\/span><\/div>\n<div class=\"flex_column av_one_half  flex_column_div av-zero-column-padding first  avia-builder-el-4  el_after_av_hr  el_before_av_one_half  \" style='margin-top:20px; margin-bottom:0px; border-radius:0px; '><section class=\"av_textblock_section \"  itemscope=\"itemscope\" itemtype=\"https:\/\/schema.org\/CreativeWork\" ><div class='avia_textblock  '   itemprop=\"text\" ><p>Wie alle Kantone muss auch Freiburg die in der Bundesgesetzgebung festgelegten Ziele umsetzen. In diesem Zusammenhang bilden Windenergie, Solarstrom, Solarw\u00e4rme, Wasserkraft, Biomasse, Geothermie und Umgebungsw\u00e4rme einen Energiemix, mit dem die Energiewende zu schaffen ist. Der Sachplan Energie und der kantonale Richtplan sind die wichtigsten Instrumente des Kantons f\u00fcr die Energieplanung.<\/p>\n<\/div><\/section><\/div>\n<div class=\"flex_column av_one_half  flex_column_div av-zero-column-padding   avia-builder-el-6  el_after_av_one_half  el_before_av_hr  \" style='margin-top:20px; margin-bottom:0px; border-radius:0px; '><section class=\"av_textblock_section \"  itemscope=\"itemscope\" itemtype=\"https:\/\/schema.org\/CreativeWork\" ><div class='avia_textblock  '   itemprop=\"text\" ><p>Der Sachplan Energie listet die bestehenden Infrastrukturen auf, bewertet das vorhandene Energiepotenzial, legt f\u00fcr jede Energiequelle fest, welche Gebiete sich priorit\u00e4r f\u00fcr sie eignen, und dient als Grundlage f\u00fcr den kantonalen Richtplan. Im Gegensatz zum kantonalen Richtplan, der f\u00fcr die \u00f6ffentliche Hand verbindlich ist, hat der Sachplan Energie nur eine Anreizwirkung. Er erm\u00f6glicht es jedoch trotzdem, gewisse Ziele f\u00fcr die kantonale Energiepolitik festzulegen.<\/p>\n<\/div><\/section><\/div>\n<div  style='height:70px' class='hr hr-invisible   avia-builder-el-8  el_after_av_one_half  el_before_av_one_full '><span class='hr-inner ' ><span class='hr-inner-style'><\/span><\/span><\/div>\n<div class=\"flex_column av_one_full  flex_column_div first  avia-builder-el-9  el_after_av_hr  el_before_av_hr  \" style='background: #f4f4f4; padding:30px; background-color:#f4f4f4; border-radius:4px; '><p><section class=\"av_textblock_section \"  itemscope=\"itemscope\" itemtype=\"https:\/\/schema.org\/CreativeWork\" ><div class='avia_textblock subtitles-pages av_inherit_color '  style='font-size:24px; color:#528540; '  itemprop=\"text\" ><p><strong>Ziele<\/strong><\/p>\n<\/div><\/section><br \/>\n<section class=\"av_textblock_section \"  itemscope=\"itemscope\" itemtype=\"https:\/\/schema.org\/CreativeWork\" ><div class='avia_textblock  av_inherit_color '  style='color:#0a0a0a; '  itemprop=\"text\" ><ul>\n<li>Bis 2030 gem\u00e4ss der 2009 vom Kanton verabschiedeten Energiestrategie die 4000-Watt-Gesellschaft erreichen (derzeit liegt der Verbrauch bei 6000 Watt) und bis 2050 gest\u00fctzt auf Energiestrategie 2050 des Bundes, die an der Volksabstimmung vom Mai 2017 angenommen wurde, die 2000-Watt-Gesellschaft erreichen.<\/li>\n<li>Den Gesamtenergieverbrauch senken, einen Grossteil des verbleibenden Verbrauchs mit einheimischen erneuerbaren Energien decken und die Abh\u00e4ngigkeit von den fossilen Energietr\u00e4gern verringern.<\/li>\n<\/ul>\n<\/div><\/section><\/p><\/div>\n<div  style=' margin-top:30px; margin-bottom:30px;'  class='hr hr-custom hr-center hr-icon-no   avia-builder-el-12  el_after_av_one_full  el_before_av_two_fifth '><span class='hr-inner  inner-border-av-border-thin' style=' width:100%; border-color:#528540;' ><span class='hr-inner-style'><\/span><\/span><\/div>\n<div class=\"flex_column av_two_fifth  flex_column_div first  avia-builder-el-13  el_after_av_hr  el_before_av_three_fifth  \" style='padding:30px; border-radius:0px; '><p><section class=\"av_textblock_section \"  itemscope=\"itemscope\" itemtype=\"https:\/\/schema.org\/CreativeWork\" ><div class='avia_textblock subtitles-pages av_inherit_color '  style='font-size:24px; color:#528540; '  itemprop=\"text\" ><p><strong>Planung<\/strong><\/p>\n<\/div><\/section><br \/>\n<section class=\"av_textblock_section \"  itemscope=\"itemscope\" itemtype=\"https:\/\/schema.org\/CreativeWork\" ><div class='avia_textblock  av_inherit_color '  style='color:#0a0a0a; '  itemprop=\"text\" ><ul>\n<li><a href=\"https:\/\/www.fr.ch\/de\/vwd\/afe\/news\/neuer-sachplan-energie\" target=\"_blank\" rel=\"noopener\"><strong>Sachplan Energie | Staat Freiburg<\/strong><\/a><\/li>\n<li><a href=\"https:\/\/planification-energie-fr.ch\/wp-content\/uploads\/2022\/02\/energiestrategie-kanton-freiburg-bericht-20152020.pdf\" target=\"_blank\" rel=\"noopener\"><strong>Energiestrategie | Staat Freiburg<\/strong><\/a><\/li>\n<li><a href=\"http:\/\/geo.fr.ch\/PDCantC\/?language=de&amp;showsearch=true\" target=\"_blank\" rel=\"noopener\"><strong>Kantonaler Richtplan | Staat Freiburg<\/strong><\/a><\/li>\n<\/ul>\n<\/div><\/section><\/p><\/div>\n<div class=\"flex_column av_three_fifth  flex_column_div   avia-builder-el-16  el_after_av_two_fifth  el_before_av_hr  \" style='background: rgba(84,133,64,0.2); padding:30px; background-color:rgba(84,133,64,0.2); border-radius:4px; '><p><section class=\"av_textblock_section \"  itemscope=\"itemscope\" itemtype=\"https:\/\/schema.org\/CreativeWork\" ><div class='avia_textblock subtitles-pages av_inherit_color '  style='font-size:24px; color:#528540; '  itemprop=\"text\" ><p><strong>Weitere Informationen<\/strong><\/p>\n<\/div><\/section><br \/>\n<section class=\"av_textblock_section \"  itemscope=\"itemscope\" itemtype=\"https:\/\/schema.org\/CreativeWork\" ><div class='avia_textblock  av_inherit_color '  style='color:#0a0a0a; '  itemprop=\"text\" ><ul>\n<li><a href=\"https:\/\/www.fr.ch\/sites\/default\/files\/2019-12\/FeuilletNewsFR2020_V3.7_de.pdf\" target=\"_blank\" rel=\"noopener\">Mehr erneuerbare Energien, mehr Effizienz, mehr Subventionen, weniger fossile Energien<\/a><\/li>\n<li>\u00a0<a href=\"https:\/\/www.fr.ch\/sites\/default\/files\/2025-01\/flyer-das-gebaudeprogramm-2025_1.pdf?v=1736748057\">Informationsbrosch\u00fcre f\u00fcr F\u00f6rdermittel<\/a><\/li>\n<li><a href=\"https:\/\/www.leprogrammebatiments-fr.ch\/de\/\" target=\"_blank\" rel=\"noopener\">Das Freiburger Geb\u00e4udeprogramm \u2013 Sanieren zahlt sich aus<\/a><\/li>\n<li><a href=\"https:\/\/www.fr.ch\/de\/vwd\/afe\/datei\/energiepolitik-planung-und-gesetzgebung\" target=\"_blank\" rel=\"noopener\">Energiepolitik, Planung und Gesetzgebung | Staat Freiburg<\/a><\/li>\n<li><a href=\"https:\/\/www.fr.ch\/de\/rubd\/brpa\" target=\"_blank\" rel=\"noopener\">Bau- und Raumplanungsamt \u2013 Staat Freiburg<\/a><\/li>\n<\/ul>\n<\/div><\/section><\/p><\/div><div  style=' margin-top:30px; margin-bottom:30px;'  class='hr hr-custom hr-center hr-icon-no   avia-builder-el-19  el_after_av_three_fifth  el_before_av_hr '><span class='hr-inner  inner-border-av-border-thin' style=' width:100%; border-color:#528540;' ><span class='hr-inner-style'><\/span><\/span><\/div><\/p>\n<div  style='height:30px' class='hr hr-invisible   avia-builder-el-20  el_after_av_hr  el_before_av_one_third '><span class='hr-inner ' ><span class='hr-inner-style'><\/span><\/span><\/div>\n<div class=\"flex_column av_one_third  flex_column_div av-zero-column-padding first  avia-builder-el-21  el_after_av_hr  el_before_av_one_third  \" style='border-radius:0px; '><div  class='avia-image-container  av-styling-  noHover  av-overlay-hover-deactivate   avia-builder-el-22  avia-builder-el-no-sibling  avia-align-center '  itemprop=\"image\" itemscope=\"itemscope\" itemtype=\"https:\/\/schema.org\/ImageObject\"  ><div class='avia-image-container-inner'><div class='avia-image-overlay-wrap'><a href='https:\/\/planification-energie-fr.ch\/de\/wasserkraft\/' class='avia_image'  ><div class='av-image-caption-overlay'><div class='av-caption-image-overlay-bg' style='opacity:0.4; background-color:#000000; '><\/div><div class='av-image-caption-overlay-position'><div class='av-image-caption-overlay-center' style='color:#ffffff; '><p>Wasserkraft<\/p>\n<\/div><\/div><\/div><img decoding=\"async\" width=\"500\" height=\"500\" class='wp-image-1069 avia-img-lazy-loading-not-1069 avia_image' src=\"https:\/\/planification-energie-fr.ch\/wp-content\/uploads\/2021\/05\/202105_Planification-energie_home-tuile_hydro.jpg\" alt='' title='202105_Planification-energie_home-tuile_hydro'  itemprop=\"thumbnailUrl\" srcset=\"https:\/\/planification-energie-fr.ch\/wp-content\/uploads\/2021\/05\/202105_Planification-energie_home-tuile_hydro.jpg 500w, https:\/\/planification-energie-fr.ch\/wp-content\/uploads\/2021\/05\/202105_Planification-energie_home-tuile_hydro-300x300.jpg 300w, https:\/\/planification-energie-fr.ch\/wp-content\/uploads\/2021\/05\/202105_Planification-energie_home-tuile_hydro-80x80.jpg 80w, https:\/\/planification-energie-fr.ch\/wp-content\/uploads\/2021\/05\/202105_Planification-energie_home-tuile_hydro-36x36.jpg 36w, https:\/\/planification-energie-fr.ch\/wp-content\/uploads\/2021\/05\/202105_Planification-energie_home-tuile_hydro-180x180.jpg 180w\" sizes=\"(max-width: 500px) 100vw, 500px\" \/><\/a><\/div><\/div><\/div><\/div>\n<div class=\"flex_column av_one_third  flex_column_div av-zero-column-padding   avia-builder-el-23  el_after_av_one_third  el_before_av_one_third  \" style='border-radius:0px; '><div  class='avia-image-container  av-styling-  noHover  av-overlay-hover-deactivate   avia-builder-el-24  avia-builder-el-no-sibling  avia-align-center '  itemprop=\"image\" itemscope=\"itemscope\" itemtype=\"https:\/\/schema.org\/ImageObject\"  ><div class='avia-image-container-inner'><div class='avia-image-overlay-wrap'><a href='https:\/\/planification-energie-fr.ch\/de\/solarstrom\/' class='avia_image'  ><div class='av-image-caption-overlay'><div class='av-caption-image-overlay-bg' style='opacity:0.4; background-color:#000000; '><\/div><div class='av-image-caption-overlay-position'><div class='av-image-caption-overlay-center' style='color:#ffffff; '><p>Solarstrom<\/p>\n<\/div><\/div><\/div><img decoding=\"async\" width=\"500\" height=\"500\" class='wp-image-1071 avia-img-lazy-loading-not-1071 avia_image' src=\"https:\/\/planification-energie-fr.ch\/wp-content\/uploads\/2021\/05\/202105_Planification-energie_home-tuile_solar-panel.jpg\" alt='' title='202105_Planification-energie_home-tuile_solar-panel'  itemprop=\"thumbnailUrl\" srcset=\"https:\/\/planification-energie-fr.ch\/wp-content\/uploads\/2021\/05\/202105_Planification-energie_home-tuile_solar-panel.jpg 500w, https:\/\/planification-energie-fr.ch\/wp-content\/uploads\/2021\/05\/202105_Planification-energie_home-tuile_solar-panel-300x300.jpg 300w, https:\/\/planification-energie-fr.ch\/wp-content\/uploads\/2021\/05\/202105_Planification-energie_home-tuile_solar-panel-80x80.jpg 80w, https:\/\/planification-energie-fr.ch\/wp-content\/uploads\/2021\/05\/202105_Planification-energie_home-tuile_solar-panel-36x36.jpg 36w, https:\/\/planification-energie-fr.ch\/wp-content\/uploads\/2021\/05\/202105_Planification-energie_home-tuile_solar-panel-180x180.jpg 180w\" sizes=\"(max-width: 500px) 100vw, 500px\" \/><\/a><\/div><\/div><\/div><\/div>\n<div class=\"flex_column av_one_third  flex_column_div av-zero-column-padding   avia-builder-el-25  el_after_av_one_third  el_before_av_one_third  \" style='border-radius:0px; '><div  class='avia-image-container  av-styling-  noHover  av-overlay-hover-deactivate   avia-builder-el-26  avia-builder-el-no-sibling  avia-align-center '  itemprop=\"image\" itemscope=\"itemscope\" itemtype=\"https:\/\/schema.org\/ImageObject\"  ><div class='avia-image-container-inner'><div class='avia-image-overlay-wrap'><a href='https:\/\/planification-energie-fr.ch\/de\/solarwaerme\/' class='avia_image'  ><div class='av-image-caption-overlay'><div class='av-caption-image-overlay-bg' style='opacity:0.4; background-color:#000000; '><\/div><div class='av-image-caption-overlay-position'><div class='av-image-caption-overlay-center' style='color:#ffffff; '><p>Solarw\u00e4rme<\/p>\n<\/div><\/div><\/div><img decoding=\"async\" width=\"500\" height=\"500\" class='wp-image-1827 avia-img-lazy-loading-not-1827 avia_image' src=\"https:\/\/planification-energie-fr.ch\/wp-content\/uploads\/2021\/10\/202105_Planification-energie_solaire-thermique_3.jpg\" alt='' title='202105_Planification-energie_solaire-thermique_3'  itemprop=\"thumbnailUrl\" srcset=\"https:\/\/planification-energie-fr.ch\/wp-content\/uploads\/2021\/10\/202105_Planification-energie_solaire-thermique_3.jpg 500w, https:\/\/planification-energie-fr.ch\/wp-content\/uploads\/2021\/10\/202105_Planification-energie_solaire-thermique_3-300x300.jpg 300w, https:\/\/planification-energie-fr.ch\/wp-content\/uploads\/2021\/10\/202105_Planification-energie_solaire-thermique_3-80x80.jpg 80w, https:\/\/planification-energie-fr.ch\/wp-content\/uploads\/2021\/10\/202105_Planification-energie_solaire-thermique_3-36x36.jpg 36w, https:\/\/planification-energie-fr.ch\/wp-content\/uploads\/2021\/10\/202105_Planification-energie_solaire-thermique_3-180x180.jpg 180w\" sizes=\"(max-width: 500px) 100vw, 500px\" \/><\/a><\/div><\/div><\/div><\/div>\n<div class=\"flex_column av_one_third  flex_column_div av-zero-column-padding first  avia-builder-el-27  el_after_av_one_third  el_before_av_one_third  column-top-margin\" style='border-radius:0px; '><div  class='avia-image-container  av-styling-  noHover  av-overlay-hover-deactivate   avia-builder-el-28  avia-builder-el-no-sibling  avia-align-center '  itemprop=\"image\" itemscope=\"itemscope\" itemtype=\"https:\/\/schema.org\/ImageObject\"  ><div class='avia-image-container-inner'><div class='avia-image-overlay-wrap'><a href='https:\/\/planification-energie-fr.ch\/de\/holz-und-biomasse\/' class='avia_image'  ><div class='av-image-caption-overlay'><div class='av-caption-image-overlay-bg' style='opacity:0.4; background-color:#000000; '><\/div><div class='av-image-caption-overlay-position'><div class='av-image-caption-overlay-center' style='color:#ffffff; '><p>Holz und Biomasse<\/p>\n<\/div><\/div><\/div><img decoding=\"async\" width=\"500\" height=\"500\" class='wp-image-1105 avia-img-lazy-loading-not-1105 avia_image' src=\"https:\/\/planification-energie-fr.ch\/wp-content\/uploads\/2021\/05\/202105_Planification-energie_home-tuile_biomasse.jpg\" alt='' title='202105_Planification-energie_home-tuile_biomasse'  itemprop=\"thumbnailUrl\" srcset=\"https:\/\/planification-energie-fr.ch\/wp-content\/uploads\/2021\/05\/202105_Planification-energie_home-tuile_biomasse.jpg 500w, https:\/\/planification-energie-fr.ch\/wp-content\/uploads\/2021\/05\/202105_Planification-energie_home-tuile_biomasse-300x300.jpg 300w, https:\/\/planification-energie-fr.ch\/wp-content\/uploads\/2021\/05\/202105_Planification-energie_home-tuile_biomasse-80x80.jpg 80w, https:\/\/planification-energie-fr.ch\/wp-content\/uploads\/2021\/05\/202105_Planification-energie_home-tuile_biomasse-36x36.jpg 36w, https:\/\/planification-energie-fr.ch\/wp-content\/uploads\/2021\/05\/202105_Planification-energie_home-tuile_biomasse-180x180.jpg 180w\" sizes=\"(max-width: 500px) 100vw, 500px\" \/><\/a><\/div><\/div><\/div><\/div>\n<div class=\"flex_column av_one_third  flex_column_div av-zero-column-padding   avia-builder-el-29  el_after_av_one_third  el_before_av_one_third  column-top-margin\" style='border-radius:0px; '><div  class='avia-image-container  av-styling-  noHover  av-overlay-hover-deactivate   avia-builder-el-30  avia-builder-el-no-sibling  avia-align-center '  itemprop=\"image\" itemscope=\"itemscope\" itemtype=\"https:\/\/schema.org\/ImageObject\"  ><div class='avia-image-container-inner'><div class='avia-image-overlay-wrap'><a href='https:\/\/planification-energie-fr.ch\/de\/geothermie\/' class='avia_image'  ><div class='av-image-caption-overlay'><div class='av-caption-image-overlay-bg' style='opacity:0.4; background-color:#000000; '><\/div><div class='av-image-caption-overlay-position'><div class='av-image-caption-overlay-center' style='color:#ffffff; '><p>Geothermie<\/p>\n<\/div><\/div><\/div><img decoding=\"async\" width=\"500\" height=\"500\" class='wp-image-1107 avia-img-lazy-loading-not-1107 avia_image' src=\"https:\/\/planification-energie-fr.ch\/wp-content\/uploads\/2021\/05\/202105_Planification-energie_home-tuile_geothermie.jpg\" alt='' title='202105_Planification-energie_home-tuile_geothermie'  itemprop=\"thumbnailUrl\" srcset=\"https:\/\/planification-energie-fr.ch\/wp-content\/uploads\/2021\/05\/202105_Planification-energie_home-tuile_geothermie.jpg 500w, https:\/\/planification-energie-fr.ch\/wp-content\/uploads\/2021\/05\/202105_Planification-energie_home-tuile_geothermie-300x300.jpg 300w, https:\/\/planification-energie-fr.ch\/wp-content\/uploads\/2021\/05\/202105_Planification-energie_home-tuile_geothermie-80x80.jpg 80w, https:\/\/planification-energie-fr.ch\/wp-content\/uploads\/2021\/05\/202105_Planification-energie_home-tuile_geothermie-36x36.jpg 36w, https:\/\/planification-energie-fr.ch\/wp-content\/uploads\/2021\/05\/202105_Planification-energie_home-tuile_geothermie-180x180.jpg 180w\" sizes=\"(max-width: 500px) 100vw, 500px\" \/><\/a><\/div><\/div><\/div><\/div>\n<div class=\"flex_column av_one_third  flex_column_div av-zero-column-padding   avia-builder-el-31  el_after_av_one_third  el_before_av_one_third  column-top-margin\" style='border-radius:0px; '><div  class='avia-image-container  av-styling-  noHover  av-overlay-hover-deactivate   avia-builder-el-32  avia-builder-el-no-sibling  avia-align-center '  itemprop=\"image\" itemscope=\"itemscope\" itemtype=\"https:\/\/schema.org\/ImageObject\"  ><div class='avia-image-container-inner'><div class='avia-image-overlay-wrap'><a href='https:\/\/planification-energie-fr.ch\/de\/waermepumpen\/' class='avia_image'  ><div class='av-image-caption-overlay'><div class='av-caption-image-overlay-bg' style='opacity:0.4; background-color:#000000; '><\/div><div class='av-image-caption-overlay-position'><div class='av-image-caption-overlay-center' style='color:#ffffff; '><p>W\u00e4rmepumpen<\/p>\n<\/div><\/div><\/div><img decoding=\"async\" width=\"500\" height=\"500\" class='wp-image-1829 avia-img-lazy-loading-not-1829 avia_image' src=\"https:\/\/planification-energie-fr.ch\/wp-content\/uploads\/2021\/10\/202105_Planification-energie_home-slider_pac3.jpg\" alt='' title='202105_Planification-energie_home-slider_pac3'  itemprop=\"thumbnailUrl\" srcset=\"https:\/\/planification-energie-fr.ch\/wp-content\/uploads\/2021\/10\/202105_Planification-energie_home-slider_pac3.jpg 500w, https:\/\/planification-energie-fr.ch\/wp-content\/uploads\/2021\/10\/202105_Planification-energie_home-slider_pac3-300x300.jpg 300w, https:\/\/planification-energie-fr.ch\/wp-content\/uploads\/2021\/10\/202105_Planification-energie_home-slider_pac3-80x80.jpg 80w, https:\/\/planification-energie-fr.ch\/wp-content\/uploads\/2021\/10\/202105_Planification-energie_home-slider_pac3-36x36.jpg 36w, https:\/\/planification-energie-fr.ch\/wp-content\/uploads\/2021\/10\/202105_Planification-energie_home-slider_pac3-180x180.jpg 180w\" sizes=\"(max-width: 500px) 100vw, 500px\" \/><\/a><\/div><\/div><\/div><\/div>\n<div class=\"flex_column av_one_third  flex_column_div av-zero-column-padding first  avia-builder-el-33  el_after_av_one_third  el_before_av_one_third  column-top-margin\" style='border-radius:0px; '><div  class='avia-image-container  av-styling-  noHover  av-overlay-hover-deactivate   avia-builder-el-34  avia-builder-el-no-sibling  avia-align-center '  itemprop=\"image\" itemscope=\"itemscope\" itemtype=\"https:\/\/schema.org\/ImageObject\"  ><div class='avia-image-container-inner'><div class='avia-image-overlay-wrap'><a href='https:\/\/planification-energie-fr.ch\/de\/windenergie\/' class='avia_image'  ><div class='av-image-caption-overlay'><div class='av-caption-image-overlay-bg' style='opacity:0.4; background-color:#000000; '><\/div><div class='av-image-caption-overlay-position'><div class='av-image-caption-overlay-center' style='color:#ffffff; '><p>Windenergie<\/p>\n<\/div><\/div><\/div><img decoding=\"async\" width=\"500\" height=\"500\" class='wp-image-1067 avia-img-lazy-loading-not-1067 avia_image' src=\"https:\/\/planification-energie-fr.ch\/wp-content\/uploads\/2021\/05\/202105_Planification-energie_home-tuile_eolien.jpg\" alt='' title='202105_Planification-energie_home-tuile_eolien'  itemprop=\"thumbnailUrl\" srcset=\"https:\/\/planification-energie-fr.ch\/wp-content\/uploads\/2021\/05\/202105_Planification-energie_home-tuile_eolien.jpg 500w, https:\/\/planification-energie-fr.ch\/wp-content\/uploads\/2021\/05\/202105_Planification-energie_home-tuile_eolien-300x300.jpg 300w, https:\/\/planification-energie-fr.ch\/wp-content\/uploads\/2021\/05\/202105_Planification-energie_home-tuile_eolien-80x80.jpg 80w, https:\/\/planification-energie-fr.ch\/wp-content\/uploads\/2021\/05\/202105_Planification-energie_home-tuile_eolien-36x36.jpg 36w, https:\/\/planification-energie-fr.ch\/wp-content\/uploads\/2021\/05\/202105_Planification-energie_home-tuile_eolien-180x180.jpg 180w\" sizes=\"(max-width: 500px) 100vw, 500px\" \/><\/a><\/div><\/div><\/div><\/div>\n<div class=\"flex_column av_one_third  flex_column_div av-zero-column-padding   avia-builder-el-35  el_after_av_one_third  el_before_av_one_third  column-top-margin\" style='border-radius:0px; '><div  class='avia-image-container  av-styling-  noHover  av-overlay-hover-deactivate   avia-builder-el-36  avia-builder-el-no-sibling  avia-align-center '  itemprop=\"image\" itemscope=\"itemscope\" itemtype=\"https:\/\/schema.org\/ImageObject\"  ><div class='avia-image-container-inner'><div class='avia-image-overlay-wrap'><a href='https:\/\/planification-energie-fr.ch\/de\/waermenetze\/' class='avia_image'  ><div class='av-image-caption-overlay'><div class='av-caption-image-overlay-bg' style='opacity:0.4; background-color:#000000; '><\/div><div class='av-image-caption-overlay-position'><div class='av-image-caption-overlay-center' style='color:#ffffff; '><p>W\u00e4rmenetze<\/p>\n<\/div><\/div><\/div><img decoding=\"async\" width=\"500\" height=\"500\" class='wp-image-1103 avia-img-lazy-loading-not-1103 avia_image' src=\"https:\/\/planification-energie-fr.ch\/wp-content\/uploads\/2021\/05\/202105_Planification-energie_home-tuile_reseau-energie.jpg\" alt='' title='202105_Planification-energie_home-tuile_reseau-energie'  itemprop=\"thumbnailUrl\" srcset=\"https:\/\/planification-energie-fr.ch\/wp-content\/uploads\/2021\/05\/202105_Planification-energie_home-tuile_reseau-energie.jpg 500w, https:\/\/planification-energie-fr.ch\/wp-content\/uploads\/2021\/05\/202105_Planification-energie_home-tuile_reseau-energie-300x300.jpg 300w, https:\/\/planification-energie-fr.ch\/wp-content\/uploads\/2021\/05\/202105_Planification-energie_home-tuile_reseau-energie-80x80.jpg 80w, https:\/\/planification-energie-fr.ch\/wp-content\/uploads\/2021\/05\/202105_Planification-energie_home-tuile_reseau-energie-36x36.jpg 36w, https:\/\/planification-energie-fr.ch\/wp-content\/uploads\/2021\/05\/202105_Planification-energie_home-tuile_reseau-energie-180x180.jpg 180w\" sizes=\"(max-width: 500px) 100vw, 500px\" \/><\/a><\/div><\/div><\/div><\/div>\n<div class=\"flex_column av_one_third  flex_column_div av-zero-column-padding   avia-builder-el-37  el_after_av_one_third  el_before_av_hr  column-top-margin\" style='border-radius:0px; '><div  class='avia-image-container  av-styling-  noHover  av-overlay-hover-deactivate   avia-builder-el-38  avia-builder-el-no-sibling  avia-align-center '  itemprop=\"image\" itemscope=\"itemscope\" itemtype=\"https:\/\/schema.org\/ImageObject\"  ><div class='avia-image-container-inner'><div class='avia-image-overlay-wrap'><div class='av-image-caption-overlay'><div class='av-caption-image-overlay-bg' style='opacity:0.4; background-color:#000000; '><\/div><div class='av-image-caption-overlay-position'><div class='av-image-caption-overlay-center' style='color:#ffffff; '><p>Stromnetze<\/p>\n<\/div><\/div><\/div><img decoding=\"async\" class='wp-image-1492 avia-img-lazy-loading-not-1492 avia_image' src=\"https:\/\/planification-energie-fr.ch\/wp-content\/uploads\/2021\/07\/202105_Planification-energie_reseau-electriques.jpg\" alt='' title='202105_Planification-energie_reseau-electriques' height=\"500\" width=\"500\"  itemprop=\"thumbnailUrl\" srcset=\"https:\/\/planification-energie-fr.ch\/wp-content\/uploads\/2021\/07\/202105_Planification-energie_reseau-electriques.jpg 500w, https:\/\/planification-energie-fr.ch\/wp-content\/uploads\/2021\/07\/202105_Planification-energie_reseau-electriques-300x300.jpg 300w, https:\/\/planification-energie-fr.ch\/wp-content\/uploads\/2021\/07\/202105_Planification-energie_reseau-electriques-80x80.jpg 80w, https:\/\/planification-energie-fr.ch\/wp-content\/uploads\/2021\/07\/202105_Planification-energie_reseau-electriques-36x36.jpg 36w, https:\/\/planification-energie-fr.ch\/wp-content\/uploads\/2021\/07\/202105_Planification-energie_reseau-electriques-180x180.jpg 180w\" sizes=\"(max-width: 500px) 100vw, 500px\" \/><\/div><\/div><\/div><\/div>\n<div  style='height:30px' class='hr hr-invisible   avia-builder-el-39  el_after_av_one_third  avia-builder-el-last '><span class='hr-inner ' ><span class='hr-inner-style'><\/span><\/span><\/div>\n","protected":false},"excerpt":{"rendered":"","protected":false},"author":2,"featured_media":0,"parent":0,"menu_order":0,"comment_status":"closed","ping_status":"closed","template":"","meta":{"_acf_changed":false,"footnotes":""},"class_list":["post-648","page","type-page","status-publish","hentry"],"acf":[],"_links":{"self":[{"href":"https:\/\/planification-energie-fr.ch\/de\/wp-json\/wp\/v2\/pages\/648","targetHints":{"allow":["GET"]}}],"collection":[{"href":"https:\/\/planification-energie-fr.ch\/de\/wp-json\/wp\/v2\/pages"}],"about":[{"href":"https:\/\/planification-energie-fr.ch\/de\/wp-json\/wp\/v2\/types\/page"}],"author":[{"embeddable":true,"href":"https:\/\/planification-energie-fr.ch\/de\/wp-json\/wp\/v2\/users\/2"}],"replies":[{"embeddable":true,"href":"https:\/\/planification-energie-fr.ch\/de\/wp-json\/wp\/v2\/comments?post=648"}],"version-history":[{"count":7,"href":"https:\/\/planification-energie-fr.ch\/de\/wp-json\/wp\/v2\/pages\/648\/revisions"}],"predecessor-version":[{"id":2400,"href":"https:\/\/planification-energie-fr.ch\/de\/wp-json\/wp\/v2\/pages\/648\/revisions\/2400"}],"wp:attachment":[{"href":"https:\/\/planification-energie-fr.ch\/de\/wp-json\/wp\/v2\/media?parent=648"}],"curies":[{"name":"wp","href":"https:\/\/api.w.org\/{rel}","templated":true}]}}